{"id":58423,"date":"2022-03-17T15:30:43","date_gmt":"2022-03-17T15:30:43","guid":{"rendered":"https:\/\/clinicadeansiedad.com\/qui-som\/irene-eguinoa-gaya\/"},"modified":"2023-07-15T10:04:16","modified_gmt":"2023-07-15T10:04:16","slug":"irene-eguinoa-gaya","status":"publish","type":"page","link":"https:\/\/clinicadeansiedad.com\/ca\/qui-som\/irene-eguinoa-gaya\/","title":{"rendered":"Irene Eguinoa Gaya"},"content":{"rendered":"\t\t<div data-elementor-type=\"wp-page\" data-elementor-id=\"58423\" class=\"elementor elementor-58423 elementor-55632\" data-elementor-post-type=\"page\">\n\t\t\t\t\t\t<section class=\"elementor-section elementor-top-section elementor-element elementor-element-c5afb20 elementor-section-boxed elementor-section-height-default elementor-section-height-default\" data-id=\"c5afb20\" data-element_type=\"section\" data-e-type=\"section\">\n\t\t\t\t\t\t<div class=\"elementor-container elementor-column-gap-default\">\n\t\t\t\t\t<div class=\"elementor-column elementor-col-100 elementor-top-column elementor-element elementor-element-9fe9240\" data-id=\"9fe9240\" data-element_type=\"column\" data-e-type=\"column\">\n\t\t\t<div class=\"elementor-widget-wrap elementor-element-populated\">\n\t\t\t\t\t\t<div class=\"elementor-element elementor-element-2aeff0e elementor-widget elementor-widget-heading\" data-id=\"2aeff0e\" data-element_type=\"widget\" data-e-type=\"widget\" data-widget_type=\"heading.default\">\n\t\t\t\t<div class=\"elementor-widget-container\">\n\t\t\t\t\t<h2 class=\"elementor-heading-title elementor-size-default\">Qu\u00ed som<\/h2>\t\t\t\t<\/div>\n\t\t\t\t<\/div>\n\t\t\t\t<div class=\"elementor-element elementor-element-8650306 elementor-widget elementor-widget-heading\" data-id=\"8650306\" data-element_type=\"widget\" data-e-type=\"widget\" data-widget_type=\"heading.default\">\n\t\t\t\t<div class=\"elementor-widget-container\">\n\t\t\t\t\t<h2 class=\"elementor-heading-title elementor-size-default\">Cristina Garcia Escuer<\/h2>\t\t\t\t<\/div>\n\t\t\t\t<\/div>\n\t\t\t\t<section class=\"elementor-section elementor-inner-section elementor-element elementor-element-fc32599 elementor-section-boxed elementor-section-height-default elementor-section-height-default\" data-id=\"fc32599\" data-element_type=\"section\" data-e-type=\"section\">\n\t\t\t\t\t\t<div class=\"elementor-container elementor-column-gap-default\">\n\t\t\t\t\t<div class=\"elementor-column elementor-col-50 elementor-inner-column elementor-element elementor-element-8451ba1\" data-id=\"8451ba1\" data-element_type=\"column\" data-e-type=\"column\">\n\t\t\t<div class=\"elementor-widget-wrap elementor-element-populated\">\n\t\t\t\t\t\t<div class=\"elementor-element elementor-element-2610c01 elementor-widget elementor-widget-image\" data-id=\"2610c01\" data-element_type=\"widget\" data-e-type=\"widget\" data-widget_type=\"image.default\">\n\t\t\t\t<div class=\"elementor-widget-container\">\n\t\t\t\t\t\t\t\t\t\t\t\t\t\t\t<img fetchpriority=\"high\" decoding=\"async\" width=\"231\" height=\"234\" src=\"https:\/\/clinicadeansiedad.com\/wp-content\/uploads\/2023\/07\/C-Garcia.png\" class=\"attachment-large size-large wp-image-63767\" alt=\"\" srcset=\"https:\/\/clinicadeansiedad.com\/wp-content\/uploads\/2023\/07\/C-Garcia.png 231w, https:\/\/clinicadeansiedad.com\/wp-content\/uploads\/2023\/07\/C-Garcia-100x100.png 100w\" sizes=\"(max-width: 231px) 100vw, 231px\" \/>\t\t\t\t\t\t\t\t\t\t\t\t\t\t\t<\/div>\n\t\t\t\t<\/div>\n\t\t\t\t\t<\/div>\n\t\t<\/div>\n\t\t\t\t<div class=\"elementor-column elementor-col-50 elementor-inner-column elementor-element elementor-element-ae6adfa\" data-id=\"ae6adfa\" data-element_type=\"column\" data-e-type=\"column\">\n\t\t\t<div class=\"elementor-widget-wrap elementor-element-populated\">\n\t\t\t\t\t\t<div class=\"elementor-element elementor-element-1251db7 elementor-widget elementor-widget-text-editor\" data-id=\"1251db7\" data-element_type=\"widget\" data-e-type=\"widget\" data-widget_type=\"text-editor.default\">\n\t\t\t\t<div class=\"elementor-widget-container\">\n\t\t\t\t\t\t\t\t\t<ul><li>T\u00edtulo Oficial de Psic\u00f3loga Especialista en Psicolog\u00eda Cl\u00ednica. Real Decreto 2490\/1998.<\/li><li>M\u00e1ster en Psiquiatria Social. Universidad de Barcelona.<\/li><li>Licenciada en Psicolog\u00eda. Especialidad Cl\u00ednica. Facultad de Psicolog\u00eda. Universidad de Barcelona.<\/li><li>Miembro del Col.legi Oficial de Psicologia de Catalunya. Colegiada n\u00ba 6703<\/li><li>Miembro de la secci\u00f3 de Psicologia Cl\u00ednica,de la Salud i Psicoter\u00e1pia del COP Catalunya.<\/li><\/ul>\t\t\t\t\t\t\t\t<\/div>\n\t\t\t\t<\/div>\n\t\t\t\t\t<\/div>\n\t\t<\/div>\n\t\t\t\t\t<\/div>\n\t\t<\/section>\n\t\t\t\t\t<\/div>\n\t\t<\/div>\n\t\t\t\t\t<\/div>\n\t\t<\/section>\n\t\t\t\t<\/div>\n\t\t","protected":false},"excerpt":{"rendered":"<p>Qu\u00ed som Cristina Garcia Escuer T\u00edtulo Oficial de Psic\u00f3loga Especialista en Psicolog\u00eda Cl\u00ednica. Real Decreto 2490\/1998. M\u00e1ster en Psiquiatria Social. Universidad de Barcelona. Licenciada en Psicolog\u00eda. Especialidad Cl\u00ednica. Facultad de Psicolog\u00eda. Universidad de Barcelona. Miembro del Col.legi Oficial de Psicologia de Catalunya. Colegiada n\u00ba 6703 Miembro de la secci\u00f3 de Psicologia Cl\u00ednica,de la Salud i [&hellip;]<\/p>\n","protected":false},"author":32070,"featured_media":0,"parent":55761,"menu_order":95,"comment_status":"closed","ping_status":"closed","template":"elementor_header_footer","meta":{"_bbp_topic_count":0,"_bbp_reply_count":0,"_bbp_total_topic_count":0,"_bbp_total_reply_count":0,"_bbp_voice_count":0,"_bbp_anonymous_reply_count":0,"_bbp_topic_count_hidden":0,"_bbp_reply_count_hidden":0,"_bbp_forum_subforum_count":0,"_joinchat":[],"footnotes":""},"class_list":["post-58423","page","type-page","status-publish","hentry"],"yoast_head":"<!-- This site is optimized with the Yoast SEO plugin v27.5 - https:\/\/yoast.com\/product\/yoast-seo-wordpress\/ -->\n<title>Irene Eguinoa Gaya - Cl\u00ednica de la Ansiedad<\/title>\n<meta name=\"robots\" content=\"index, follow, max-snippet:-1, max-image-preview:large, max-video-preview:-1\" \/>\n<link rel=\"canonical\" href=\"https:\/\/clinicadeansiedad.com\/ca\/qui-som\/irene-eguinoa-gaya\/\" \/>\n<meta property=\"og:locale\" content=\"ca_ES\" \/>\n<meta property=\"og:type\" content=\"article\" \/>\n<meta property=\"og:title\" content=\"Irene Eguinoa Gaya - Cl\u00ednica de la Ansiedad\" \/>\n<meta property=\"og:description\" content=\"Qu\u00ed som Cristina Garcia Escuer T\u00edtulo Oficial de Psic\u00f3loga Especialista en Psicolog\u00eda Cl\u00ednica. Real Decreto 2490\/1998. M\u00e1ster en Psiquiatria Social. Universidad de Barcelona. Licenciada en Psicolog\u00eda. Especialidad Cl\u00ednica. Facultad de Psicolog\u00eda. Universidad de Barcelona. Miembro del Col.legi Oficial de Psicologia de Catalunya. Colegiada n\u00ba 6703 Miembro de la secci\u00f3 de Psicologia Cl\u00ednica,de la Salud i [&hellip;]\" \/>\n<meta property=\"og:url\" content=\"https:\/\/clinicadeansiedad.com\/ca\/qui-som\/irene-eguinoa-gaya\/\" \/>\n<meta property=\"og:site_name\" content=\"Cl\u00ednica de la Ansiedad\" \/>\n<meta property=\"article:modified_time\" content=\"2023-07-15T10:04:16+00:00\" \/>\n<meta property=\"og:image\" content=\"https:\/\/clinicadeansiedad.com\/wp-content\/uploads\/2023\/07\/C-Garcia.png\" \/>\n<meta name=\"twitter:card\" content=\"summary_large_image\" \/>\n<meta name=\"twitter:label1\" content=\"Temps estimat de lectura\" \/>\n\t<meta name=\"twitter:data1\" content=\"1 minut\" \/>\n<script type=\"application\/ld+json\" class=\"yoast-schema-graph\">{\"@context\":\"https:\\\/\\\/schema.org\",\"@graph\":[{\"@type\":\"WebPage\",\"@id\":\"https:\\\/\\\/clinicadeansiedad.com\\\/ca\\\/qui-som\\\/irene-eguinoa-gaya\\\/\",\"url\":\"https:\\\/\\\/clinicadeansiedad.com\\\/ca\\\/qui-som\\\/irene-eguinoa-gaya\\\/\",\"name\":\"Irene Eguinoa Gaya - Cl\u00ednica de la Ansiedad\",\"isPartOf\":{\"@id\":\"https:\\\/\\\/clinicadeansiedad.com\\\/ca\\\/#website\"},\"primaryImageOfPage\":{\"@id\":\"https:\\\/\\\/clinicadeansiedad.com\\\/ca\\\/qui-som\\\/irene-eguinoa-gaya\\\/#primaryimage\"},\"image\":{\"@id\":\"https:\\\/\\\/clinicadeansiedad.com\\\/ca\\\/qui-som\\\/irene-eguinoa-gaya\\\/#primaryimage\"},\"thumbnailUrl\":\"https:\\\/\\\/clinicadeansiedad.com\\\/wp-content\\\/uploads\\\/2023\\\/07\\\/C-Garcia.png\",\"datePublished\":\"2022-03-17T15:30:43+00:00\",\"dateModified\":\"2023-07-15T10:04:16+00:00\",\"breadcrumb\":{\"@id\":\"https:\\\/\\\/clinicadeansiedad.com\\\/ca\\\/qui-som\\\/irene-eguinoa-gaya\\\/#breadcrumb\"},\"inLanguage\":\"ca\",\"potentialAction\":[{\"@type\":\"ReadAction\",\"target\":[\"https:\\\/\\\/clinicadeansiedad.com\\\/ca\\\/qui-som\\\/irene-eguinoa-gaya\\\/\"]}]},{\"@type\":\"ImageObject\",\"inLanguage\":\"ca\",\"@id\":\"https:\\\/\\\/clinicadeansiedad.com\\\/ca\\\/qui-som\\\/irene-eguinoa-gaya\\\/#primaryimage\",\"url\":\"https:\\\/\\\/clinicadeansiedad.com\\\/wp-content\\\/uploads\\\/2023\\\/07\\\/C-Garcia.png\",\"contentUrl\":\"https:\\\/\\\/clinicadeansiedad.com\\\/wp-content\\\/uploads\\\/2023\\\/07\\\/C-Garcia.png\"},{\"@type\":\"BreadcrumbList\",\"@id\":\"https:\\\/\\\/clinicadeansiedad.com\\\/ca\\\/qui-som\\\/irene-eguinoa-gaya\\\/#breadcrumb\",\"itemListElement\":[{\"@type\":\"ListItem\",\"position\":1,\"name\":\"Portada\",\"item\":\"https:\\\/\\\/clinicadeansiedad.com\\\/ca\\\/\"},{\"@type\":\"ListItem\",\"position\":2,\"name\":\"Qui Som\",\"item\":\"https:\\\/\\\/clinicadeansiedad.com\\\/ca\\\/qui-som\\\/\"},{\"@type\":\"ListItem\",\"position\":3,\"name\":\"Irene Eguinoa Gaya\"}]},{\"@type\":\"WebSite\",\"@id\":\"https:\\\/\\\/clinicadeansiedad.com\\\/ca\\\/#website\",\"url\":\"https:\\\/\\\/clinicadeansiedad.com\\\/ca\\\/\",\"name\":\"Cl\u00ednica de la Ansiedad\",\"description\":\"\",\"publisher\":{\"@id\":\"https:\\\/\\\/clinicadeansiedad.com\\\/ca\\\/#organization\"},\"potentialAction\":[{\"@type\":\"SearchAction\",\"target\":{\"@type\":\"EntryPoint\",\"urlTemplate\":\"https:\\\/\\\/clinicadeansiedad.com\\\/ca\\\/?s={search_term_string}\"},\"query-input\":{\"@type\":\"PropertyValueSpecification\",\"valueRequired\":true,\"valueName\":\"search_term_string\"}}],\"inLanguage\":\"ca\"},{\"@type\":\"Organization\",\"@id\":\"https:\\\/\\\/clinicadeansiedad.com\\\/ca\\\/#organization\",\"name\":\"Cl\u00ednica de la Ansiedad\",\"url\":\"https:\\\/\\\/clinicadeansiedad.com\\\/ca\\\/\",\"logo\":{\"@type\":\"ImageObject\",\"inLanguage\":\"ca\",\"@id\":\"https:\\\/\\\/clinicadeansiedad.com\\\/ca\\\/#\\\/schema\\\/logo\\\/image\\\/\",\"url\":\"https:\\\/\\\/clinicadeansiedad.com\\\/wp-content\\\/uploads\\\/2020\\\/12\\\/cropped-logo_app-1-scaled-1.jpg\",\"contentUrl\":\"https:\\\/\\\/clinicadeansiedad.com\\\/wp-content\\\/uploads\\\/2020\\\/12\\\/cropped-logo_app-1-scaled-1.jpg\",\"width\":2555,\"height\":1923,\"caption\":\"Cl\u00ednica de la Ansiedad\"},\"image\":{\"@id\":\"https:\\\/\\\/clinicadeansiedad.com\\\/ca\\\/#\\\/schema\\\/logo\\\/image\\\/\"}}]}<\/script>\n<!-- \/ Yoast SEO plugin. -->","yoast_head_json":{"title":"Irene Eguinoa Gaya - Cl\u00ednica de la Ansiedad","robots":{"index":"index","follow":"follow","max-snippet":"max-snippet:-1","max-image-preview":"max-image-preview:large","max-video-preview":"max-video-preview:-1"},"canonical":"https:\/\/clinicadeansiedad.com\/ca\/qui-som\/irene-eguinoa-gaya\/","og_locale":"ca_ES","og_type":"article","og_title":"Irene Eguinoa Gaya - Cl\u00ednica de la Ansiedad","og_description":"Qu\u00ed som Cristina Garcia Escuer T\u00edtulo Oficial de Psic\u00f3loga Especialista en Psicolog\u00eda Cl\u00ednica. Real Decreto 2490\/1998. M\u00e1ster en Psiquiatria Social. Universidad de Barcelona. Licenciada en Psicolog\u00eda. Especialidad Cl\u00ednica. Facultad de Psicolog\u00eda. Universidad de Barcelona. Miembro del Col.legi Oficial de Psicologia de Catalunya. Colegiada n\u00ba 6703 Miembro de la secci\u00f3 de Psicologia Cl\u00ednica,de la Salud i [&hellip;]","og_url":"https:\/\/clinicadeansiedad.com\/ca\/qui-som\/irene-eguinoa-gaya\/","og_site_name":"Cl\u00ednica de la Ansiedad","article_modified_time":"2023-07-15T10:04:16+00:00","og_image":[{"url":"https:\/\/clinicadeansiedad.com\/wp-content\/uploads\/2023\/07\/C-Garcia.png","type":"","width":"","height":""}],"twitter_card":"summary_large_image","twitter_misc":{"Temps estimat de lectura":"1 minut"},"schema":{"@context":"https:\/\/schema.org","@graph":[{"@type":"WebPage","@id":"https:\/\/clinicadeansiedad.com\/ca\/qui-som\/irene-eguinoa-gaya\/","url":"https:\/\/clinicadeansiedad.com\/ca\/qui-som\/irene-eguinoa-gaya\/","name":"Irene Eguinoa Gaya - Cl\u00ednica de la Ansiedad","isPartOf":{"@id":"https:\/\/clinicadeansiedad.com\/ca\/#website"},"primaryImageOfPage":{"@id":"https:\/\/clinicadeansiedad.com\/ca\/qui-som\/irene-eguinoa-gaya\/#primaryimage"},"image":{"@id":"https:\/\/clinicadeansiedad.com\/ca\/qui-som\/irene-eguinoa-gaya\/#primaryimage"},"thumbnailUrl":"https:\/\/clinicadeansiedad.com\/wp-content\/uploads\/2023\/07\/C-Garcia.png","datePublished":"2022-03-17T15:30:43+00:00","dateModified":"2023-07-15T10:04:16+00:00","breadcrumb":{"@id":"https:\/\/clinicadeansiedad.com\/ca\/qui-som\/irene-eguinoa-gaya\/#breadcrumb"},"inLanguage":"ca","potentialAction":[{"@type":"ReadAction","target":["https:\/\/clinicadeansiedad.com\/ca\/qui-som\/irene-eguinoa-gaya\/"]}]},{"@type":"ImageObject","inLanguage":"ca","@id":"https:\/\/clinicadeansiedad.com\/ca\/qui-som\/irene-eguinoa-gaya\/#primaryimage","url":"https:\/\/clinicadeansiedad.com\/wp-content\/uploads\/2023\/07\/C-Garcia.png","contentUrl":"https:\/\/clinicadeansiedad.com\/wp-content\/uploads\/2023\/07\/C-Garcia.png"},{"@type":"BreadcrumbList","@id":"https:\/\/clinicadeansiedad.com\/ca\/qui-som\/irene-eguinoa-gaya\/#breadcrumb","itemListElement":[{"@type":"ListItem","position":1,"name":"Portada","item":"https:\/\/clinicadeansiedad.com\/ca\/"},{"@type":"ListItem","position":2,"name":"Qui Som","item":"https:\/\/clinicadeansiedad.com\/ca\/qui-som\/"},{"@type":"ListItem","position":3,"name":"Irene Eguinoa Gaya"}]},{"@type":"WebSite","@id":"https:\/\/clinicadeansiedad.com\/ca\/#website","url":"https:\/\/clinicadeansiedad.com\/ca\/","name":"Cl\u00ednica de la Ansiedad","description":"","publisher":{"@id":"https:\/\/clinicadeansiedad.com\/ca\/#organization"},"potentialAction":[{"@type":"SearchAction","target":{"@type":"EntryPoint","urlTemplate":"https:\/\/clinicadeansiedad.com\/ca\/?s={search_term_string}"},"query-input":{"@type":"PropertyValueSpecification","valueRequired":true,"valueName":"search_term_string"}}],"inLanguage":"ca"},{"@type":"Organization","@id":"https:\/\/clinicadeansiedad.com\/ca\/#organization","name":"Cl\u00ednica de la Ansiedad","url":"https:\/\/clinicadeansiedad.com\/ca\/","logo":{"@type":"ImageObject","inLanguage":"ca","@id":"https:\/\/clinicadeansiedad.com\/ca\/#\/schema\/logo\/image\/","url":"https:\/\/clinicadeansiedad.com\/wp-content\/uploads\/2020\/12\/cropped-logo_app-1-scaled-1.jpg","contentUrl":"https:\/\/clinicadeansiedad.com\/wp-content\/uploads\/2020\/12\/cropped-logo_app-1-scaled-1.jpg","width":2555,"height":1923,"caption":"Cl\u00ednica de la Ansiedad"},"image":{"@id":"https:\/\/clinicadeansiedad.com\/ca\/#\/schema\/logo\/image\/"}}]}},"_links":{"self":[{"href":"https:\/\/clinicadeansiedad.com\/ca\/wp-json\/wp\/v2\/pages\/58423","targetHints":{"allow":["GET"]}}],"collection":[{"href":"https:\/\/clinicadeansiedad.com\/ca\/wp-json\/wp\/v2\/pages"}],"about":[{"href":"https:\/\/clinicadeansiedad.com\/ca\/wp-json\/wp\/v2\/types\/page"}],"author":[{"embeddable":true,"href":"https:\/\/clinicadeansiedad.com\/ca\/wp-json\/wp\/v2\/users\/32070"}],"replies":[{"embeddable":true,"href":"https:\/\/clinicadeansiedad.com\/ca\/wp-json\/wp\/v2\/comments?post=58423"}],"version-history":[{"count":7,"href":"https:\/\/clinicadeansiedad.com\/ca\/wp-json\/wp\/v2\/pages\/58423\/revisions"}],"predecessor-version":[{"id":63781,"href":"https:\/\/clinicadeansiedad.com\/ca\/wp-json\/wp\/v2\/pages\/58423\/revisions\/63781"}],"up":[{"embeddable":true,"href":"https:\/\/clinicadeansiedad.com\/ca\/wp-json\/wp\/v2\/pages\/55761"}],"wp:attachment":[{"href":"https:\/\/clinicadeansiedad.com\/ca\/wp-json\/wp\/v2\/media?parent=58423"}],"curies":[{"name":"wp","href":"https:\/\/api.w.org\/{rel}","templated":true}]}}