{"id":58417,"date":"2022-03-17T15:30:03","date_gmt":"2022-03-17T15:30:03","guid":{"rendered":"https:\/\/clinicadeansiedad.com\/qui-som\/veronica-aguilera-iglesias\/"},"modified":"2023-07-15T10:19:29","modified_gmt":"2023-07-15T10:19:29","slug":"veronica-aguilera-iglesias","status":"publish","type":"page","link":"https:\/\/clinicadeansiedad.com\/ca\/qui-som\/veronica-aguilera-iglesias\/","title":{"rendered":"Ver\u00f3nica Aguilera Iglesias"},"content":{"rendered":"\t\t<div data-elementor-type=\"wp-page\" data-elementor-id=\"58417\" class=\"elementor elementor-58417 elementor-55657\" data-elementor-post-type=\"page\">\n\t\t\t\t\t\t<section class=\"elementor-section elementor-top-section elementor-element elementor-element-20841be elementor-section-boxed elementor-section-height-default elementor-section-height-default\" data-id=\"20841be\" data-element_type=\"section\" data-e-type=\"section\">\n\t\t\t\t\t\t<div class=\"elementor-container elementor-column-gap-default\">\n\t\t\t\t\t<div class=\"elementor-column elementor-col-100 elementor-top-column elementor-element elementor-element-1ddd979\" data-id=\"1ddd979\" data-element_type=\"column\" data-e-type=\"column\">\n\t\t\t<div class=\"elementor-widget-wrap elementor-element-populated\">\n\t\t\t\t\t\t<div class=\"elementor-element elementor-element-5ddbe8c elementor-widget elementor-widget-heading\" data-id=\"5ddbe8c\" data-element_type=\"widget\" data-e-type=\"widget\" data-widget_type=\"heading.default\">\n\t\t\t\t<div class=\"elementor-widget-container\">\n\t\t\t\t\t<h2 class=\"elementor-heading-title elementor-size-default\">Qu\u00ed Som<\/h2>\t\t\t\t<\/div>\n\t\t\t\t<\/div>\n\t\t\t\t<div class=\"elementor-element elementor-element-6c32425 elementor-widget elementor-widget-heading\" data-id=\"6c32425\" data-element_type=\"widget\" data-e-type=\"widget\" data-widget_type=\"heading.default\">\n\t\t\t\t<div class=\"elementor-widget-container\">\n\t\t\t\t\t<h2 class=\"elementor-heading-title elementor-size-default\">Ver\u00f3nica Aguilera Iglesias<\/h2>\t\t\t\t<\/div>\n\t\t\t\t<\/div>\n\t\t\t\t<section class=\"elementor-section elementor-inner-section elementor-element elementor-element-7e10809 elementor-section-boxed elementor-section-height-default elementor-section-height-default\" data-id=\"7e10809\" data-element_type=\"section\" data-e-type=\"section\">\n\t\t\t\t\t\t<div class=\"elementor-container elementor-column-gap-default\">\n\t\t\t\t\t<div class=\"elementor-column elementor-col-50 elementor-inner-column elementor-element elementor-element-2d42067\" data-id=\"2d42067\" data-element_type=\"column\" data-e-type=\"column\">\n\t\t\t<div class=\"elementor-widget-wrap elementor-element-populated\">\n\t\t\t\t\t\t<div class=\"elementor-element elementor-element-5cc7801 elementor-widget elementor-widget-image\" data-id=\"5cc7801\" data-element_type=\"widget\" data-e-type=\"widget\" data-widget_type=\"image.default\">\n\t\t\t\t<div class=\"elementor-widget-container\">\n\t\t\t\t\t\t\t\t\t\t\t\t\t\t\t<img decoding=\"async\" width=\"179\" height=\"204\" data-src=\"https:\/\/clinicadeansiedad.com\/wp-content\/uploads\/2022\/01\/Veronica.png\" class=\"attachment-large size-large wp-image-55506 lazyload\" alt=\"\" src=\"data:image\/svg+xml;base64,PHN2ZyB3aWR0aD0iMSIgaGVpZ2h0PSIxIiB4bWxucz0iaHR0cDovL3d3dy53My5vcmcvMjAwMC9zdmciPjwvc3ZnPg==\" style=\"--smush-placeholder-width: 179px; --smush-placeholder-aspect-ratio: 179\/204;\" \/>\t\t\t\t\t\t\t\t\t\t\t\t\t\t\t<\/div>\n\t\t\t\t<\/div>\n\t\t\t\t\t<\/div>\n\t\t<\/div>\n\t\t\t\t<div class=\"elementor-column elementor-col-50 elementor-inner-column elementor-element elementor-element-df08015\" data-id=\"df08015\" data-element_type=\"column\" data-e-type=\"column\">\n\t\t\t<div class=\"elementor-widget-wrap elementor-element-populated\">\n\t\t\t\t\t\t<div class=\"elementor-element elementor-element-c7fab48 elementor-widget elementor-widget-text-editor\" data-id=\"c7fab48\" data-element_type=\"widget\" data-e-type=\"widget\" data-widget_type=\"text-editor.default\">\n\t\t\t\t<div class=\"elementor-widget-container\">\n\t\t\t\t\t\t\t\t\t<ul><li>Llicenciada en Psicologia per la Universitat de Barcelona.<\/li><li>M\u00e0ster en Ter\u00e0pia Cognitiu-Conductual. Unitat de Ter\u00e0pia de Conducta. Facultat de Psicologia. Universitat de Barcelona.<\/li><li>Acreditaci\u00f3 com a Psic\u00f2loga General Sanit\u00e0ria. Col\u00b7legi Oficial de Psic\u00f2legs de Catalunya.<\/li><li>European Certificate in Psichology (Clinical and Health).<\/li><li>Postgrau en Psicologia Cl\u00ednica Infanto-Juvenil. Isep Cl\u00ednic.<\/li><li>Terapeuta Cognitiu-Conductual, acreditada per l\u2019SCRITC (Societat Catalana de Recerca i Ter\u00e0pia del Comportament) i l\u2019 European Association for Behavioural and Cognitive Therapies.<\/li><li>Membre del Col\u00b7legi Oficial de Psic\u00f2legs de Catalunya. Col\u00b7legiada n\u00famero 11.810.<\/li><\/ul>\t\t\t\t\t\t\t\t<\/div>\n\t\t\t\t<\/div>\n\t\t\t\t\t<\/div>\n\t\t<\/div>\n\t\t\t\t\t<\/div>\n\t\t<\/section>\n\t\t\t\t\t<\/div>\n\t\t<\/div>\n\t\t\t\t\t<\/div>\n\t\t<\/section>\n\t\t\t\t<\/div>\n\t\t","protected":false},"excerpt":{"rendered":"<p>Qu\u00ed Som Ver\u00f3nica Aguilera Iglesias Llicenciada en Psicologia per la Universitat de Barcelona. M\u00e0ster en Ter\u00e0pia Cognitiu-Conductual. Unitat de Ter\u00e0pia de Conducta. Facultat de Psicologia. Universitat de Barcelona. Acreditaci\u00f3 com a Psic\u00f2loga General Sanit\u00e0ria. Col\u00b7legi Oficial de Psic\u00f2legs de Catalunya. European Certificate in Psichology (Clinical and Health). Postgrau en Psicologia Cl\u00ednica Infanto-Juvenil. Isep Cl\u00ednic. Terapeuta [&hellip;]<\/p>\n","protected":false},"author":3439,"featured_media":0,"parent":55761,"menu_order":92,"comment_status":"closed","ping_status":"closed","template":"elementor_header_footer","meta":{"_bbp_topic_count":0,"_bbp_reply_count":0,"_bbp_total_topic_count":0,"_bbp_total_reply_count":0,"_bbp_voice_count":0,"_bbp_anonymous_reply_count":0,"_bbp_topic_count_hidden":0,"_bbp_reply_count_hidden":0,"_bbp_forum_subforum_count":0,"_joinchat":[],"footnotes":""},"class_list":["post-58417","page","type-page","status-publish","hentry"],"yoast_head":"<!-- This site is optimized with the Yoast SEO plugin v27.5 - https:\/\/yoast.com\/product\/yoast-seo-wordpress\/ -->\n<title>Ver\u00f3nica Aguilera Iglesias - Cl\u00ednica de la Ansiedad<\/title>\n<meta name=\"robots\" content=\"index, follow, max-snippet:-1, max-image-preview:large, max-video-preview:-1\" \/>\n<link rel=\"canonical\" href=\"https:\/\/clinicadeansiedad.com\/ca\/qui-som\/veronica-aguilera-iglesias\/\" \/>\n<meta property=\"og:locale\" content=\"ca_ES\" \/>\n<meta property=\"og:type\" content=\"article\" \/>\n<meta property=\"og:title\" content=\"Ver\u00f3nica Aguilera Iglesias - Cl\u00ednica de la Ansiedad\" \/>\n<meta property=\"og:description\" content=\"Qu\u00ed Som Ver\u00f3nica Aguilera Iglesias Llicenciada en Psicologia per la Universitat de Barcelona. M\u00e0ster en Ter\u00e0pia Cognitiu-Conductual. Unitat de Ter\u00e0pia de Conducta. Facultat de Psicologia. Universitat de Barcelona. Acreditaci\u00f3 com a Psic\u00f2loga General Sanit\u00e0ria. Col\u00b7legi Oficial de Psic\u00f2legs de Catalunya. European Certificate in Psichology (Clinical and Health). Postgrau en Psicologia Cl\u00ednica Infanto-Juvenil. Isep Cl\u00ednic. Terapeuta [&hellip;]\" \/>\n<meta property=\"og:url\" content=\"https:\/\/clinicadeansiedad.com\/ca\/qui-som\/veronica-aguilera-iglesias\/\" \/>\n<meta property=\"og:site_name\" content=\"Cl\u00ednica de la Ansiedad\" \/>\n<meta property=\"article:modified_time\" content=\"2023-07-15T10:19:29+00:00\" \/>\n<meta property=\"og:image\" content=\"https:\/\/clinicadeansiedad.com\/wp-content\/uploads\/2022\/01\/Veronica.png\" \/>\n<meta name=\"twitter:card\" content=\"summary_large_image\" \/>\n<meta name=\"twitter:label1\" content=\"Temps estimat de lectura\" \/>\n\t<meta name=\"twitter:data1\" content=\"1 minut\" \/>\n<script type=\"application\/ld+json\" class=\"yoast-schema-graph\">{\"@context\":\"https:\\\/\\\/schema.org\",\"@graph\":[{\"@type\":\"WebPage\",\"@id\":\"https:\\\/\\\/clinicadeansiedad.com\\\/ca\\\/qui-som\\\/veronica-aguilera-iglesias\\\/\",\"url\":\"https:\\\/\\\/clinicadeansiedad.com\\\/ca\\\/qui-som\\\/veronica-aguilera-iglesias\\\/\",\"name\":\"Ver\u00f3nica Aguilera Iglesias - Cl\u00ednica de la Ansiedad\",\"isPartOf\":{\"@id\":\"https:\\\/\\\/clinicadeansiedad.com\\\/ca\\\/#website\"},\"primaryImageOfPage\":{\"@id\":\"https:\\\/\\\/clinicadeansiedad.com\\\/ca\\\/qui-som\\\/veronica-aguilera-iglesias\\\/#primaryimage\"},\"image\":{\"@id\":\"https:\\\/\\\/clinicadeansiedad.com\\\/ca\\\/qui-som\\\/veronica-aguilera-iglesias\\\/#primaryimage\"},\"thumbnailUrl\":\"https:\\\/\\\/clinicadeansiedad.com\\\/wp-content\\\/uploads\\\/2022\\\/01\\\/Veronica.png\",\"datePublished\":\"2022-03-17T15:30:03+00:00\",\"dateModified\":\"2023-07-15T10:19:29+00:00\",\"breadcrumb\":{\"@id\":\"https:\\\/\\\/clinicadeansiedad.com\\\/ca\\\/qui-som\\\/veronica-aguilera-iglesias\\\/#breadcrumb\"},\"inLanguage\":\"ca\",\"potentialAction\":[{\"@type\":\"ReadAction\",\"target\":[\"https:\\\/\\\/clinicadeansiedad.com\\\/ca\\\/qui-som\\\/veronica-aguilera-iglesias\\\/\"]}]},{\"@type\":\"ImageObject\",\"inLanguage\":\"ca\",\"@id\":\"https:\\\/\\\/clinicadeansiedad.com\\\/ca\\\/qui-som\\\/veronica-aguilera-iglesias\\\/#primaryimage\",\"url\":\"https:\\\/\\\/clinicadeansiedad.com\\\/wp-content\\\/uploads\\\/2022\\\/01\\\/Veronica.png\",\"contentUrl\":\"https:\\\/\\\/clinicadeansiedad.com\\\/wp-content\\\/uploads\\\/2022\\\/01\\\/Veronica.png\"},{\"@type\":\"BreadcrumbList\",\"@id\":\"https:\\\/\\\/clinicadeansiedad.com\\\/ca\\\/qui-som\\\/veronica-aguilera-iglesias\\\/#breadcrumb\",\"itemListElement\":[{\"@type\":\"ListItem\",\"position\":1,\"name\":\"Portada\",\"item\":\"https:\\\/\\\/clinicadeansiedad.com\\\/ca\\\/\"},{\"@type\":\"ListItem\",\"position\":2,\"name\":\"Qui Som\",\"item\":\"https:\\\/\\\/clinicadeansiedad.com\\\/ca\\\/qui-som\\\/\"},{\"@type\":\"ListItem\",\"position\":3,\"name\":\"Ver\u00f3nica Aguilera Iglesias\"}]},{\"@type\":\"WebSite\",\"@id\":\"https:\\\/\\\/clinicadeansiedad.com\\\/ca\\\/#website\",\"url\":\"https:\\\/\\\/clinicadeansiedad.com\\\/ca\\\/\",\"name\":\"Cl\u00ednica de la Ansiedad\",\"description\":\"\",\"publisher\":{\"@id\":\"https:\\\/\\\/clinicadeansiedad.com\\\/ca\\\/#organization\"},\"potentialAction\":[{\"@type\":\"SearchAction\",\"target\":{\"@type\":\"EntryPoint\",\"urlTemplate\":\"https:\\\/\\\/clinicadeansiedad.com\\\/ca\\\/?s={search_term_string}\"},\"query-input\":{\"@type\":\"PropertyValueSpecification\",\"valueRequired\":true,\"valueName\":\"search_term_string\"}}],\"inLanguage\":\"ca\"},{\"@type\":\"Organization\",\"@id\":\"https:\\\/\\\/clinicadeansiedad.com\\\/ca\\\/#organization\",\"name\":\"Cl\u00ednica de la Ansiedad\",\"url\":\"https:\\\/\\\/clinicadeansiedad.com\\\/ca\\\/\",\"logo\":{\"@type\":\"ImageObject\",\"inLanguage\":\"ca\",\"@id\":\"https:\\\/\\\/clinicadeansiedad.com\\\/ca\\\/#\\\/schema\\\/logo\\\/image\\\/\",\"url\":\"https:\\\/\\\/clinicadeansiedad.com\\\/wp-content\\\/uploads\\\/2020\\\/12\\\/cropped-logo_app-1-scaled-1.jpg\",\"contentUrl\":\"https:\\\/\\\/clinicadeansiedad.com\\\/wp-content\\\/uploads\\\/2020\\\/12\\\/cropped-logo_app-1-scaled-1.jpg\",\"width\":2555,\"height\":1923,\"caption\":\"Cl\u00ednica de la Ansiedad\"},\"image\":{\"@id\":\"https:\\\/\\\/clinicadeansiedad.com\\\/ca\\\/#\\\/schema\\\/logo\\\/image\\\/\"}}]}<\/script>\n<!-- \/ Yoast SEO plugin. -->","yoast_head_json":{"title":"Ver\u00f3nica Aguilera Iglesias - Cl\u00ednica de la Ansiedad","robots":{"index":"index","follow":"follow","max-snippet":"max-snippet:-1","max-image-preview":"max-image-preview:large","max-video-preview":"max-video-preview:-1"},"canonical":"https:\/\/clinicadeansiedad.com\/ca\/qui-som\/veronica-aguilera-iglesias\/","og_locale":"ca_ES","og_type":"article","og_title":"Ver\u00f3nica Aguilera Iglesias - Cl\u00ednica de la Ansiedad","og_description":"Qu\u00ed Som Ver\u00f3nica Aguilera Iglesias Llicenciada en Psicologia per la Universitat de Barcelona. M\u00e0ster en Ter\u00e0pia Cognitiu-Conductual. Unitat de Ter\u00e0pia de Conducta. Facultat de Psicologia. Universitat de Barcelona. Acreditaci\u00f3 com a Psic\u00f2loga General Sanit\u00e0ria. Col\u00b7legi Oficial de Psic\u00f2legs de Catalunya. European Certificate in Psichology (Clinical and Health). Postgrau en Psicologia Cl\u00ednica Infanto-Juvenil. Isep Cl\u00ednic. Terapeuta [&hellip;]","og_url":"https:\/\/clinicadeansiedad.com\/ca\/qui-som\/veronica-aguilera-iglesias\/","og_site_name":"Cl\u00ednica de la Ansiedad","article_modified_time":"2023-07-15T10:19:29+00:00","og_image":[{"url":"https:\/\/clinicadeansiedad.com\/wp-content\/uploads\/2022\/01\/Veronica.png","type":"","width":"","height":""}],"twitter_card":"summary_large_image","twitter_misc":{"Temps estimat de lectura":"1 minut"},"schema":{"@context":"https:\/\/schema.org","@graph":[{"@type":"WebPage","@id":"https:\/\/clinicadeansiedad.com\/ca\/qui-som\/veronica-aguilera-iglesias\/","url":"https:\/\/clinicadeansiedad.com\/ca\/qui-som\/veronica-aguilera-iglesias\/","name":"Ver\u00f3nica Aguilera Iglesias - Cl\u00ednica de la Ansiedad","isPartOf":{"@id":"https:\/\/clinicadeansiedad.com\/ca\/#website"},"primaryImageOfPage":{"@id":"https:\/\/clinicadeansiedad.com\/ca\/qui-som\/veronica-aguilera-iglesias\/#primaryimage"},"image":{"@id":"https:\/\/clinicadeansiedad.com\/ca\/qui-som\/veronica-aguilera-iglesias\/#primaryimage"},"thumbnailUrl":"https:\/\/clinicadeansiedad.com\/wp-content\/uploads\/2022\/01\/Veronica.png","datePublished":"2022-03-17T15:30:03+00:00","dateModified":"2023-07-15T10:19:29+00:00","breadcrumb":{"@id":"https:\/\/clinicadeansiedad.com\/ca\/qui-som\/veronica-aguilera-iglesias\/#breadcrumb"},"inLanguage":"ca","potentialAction":[{"@type":"ReadAction","target":["https:\/\/clinicadeansiedad.com\/ca\/qui-som\/veronica-aguilera-iglesias\/"]}]},{"@type":"ImageObject","inLanguage":"ca","@id":"https:\/\/clinicadeansiedad.com\/ca\/qui-som\/veronica-aguilera-iglesias\/#primaryimage","url":"https:\/\/clinicadeansiedad.com\/wp-content\/uploads\/2022\/01\/Veronica.png","contentUrl":"https:\/\/clinicadeansiedad.com\/wp-content\/uploads\/2022\/01\/Veronica.png"},{"@type":"BreadcrumbList","@id":"https:\/\/clinicadeansiedad.com\/ca\/qui-som\/veronica-aguilera-iglesias\/#breadcrumb","itemListElement":[{"@type":"ListItem","position":1,"name":"Portada","item":"https:\/\/clinicadeansiedad.com\/ca\/"},{"@type":"ListItem","position":2,"name":"Qui Som","item":"https:\/\/clinicadeansiedad.com\/ca\/qui-som\/"},{"@type":"ListItem","position":3,"name":"Ver\u00f3nica Aguilera Iglesias"}]},{"@type":"WebSite","@id":"https:\/\/clinicadeansiedad.com\/ca\/#website","url":"https:\/\/clinicadeansiedad.com\/ca\/","name":"Cl\u00ednica de la Ansiedad","description":"","publisher":{"@id":"https:\/\/clinicadeansiedad.com\/ca\/#organization"},"potentialAction":[{"@type":"SearchAction","target":{"@type":"EntryPoint","urlTemplate":"https:\/\/clinicadeansiedad.com\/ca\/?s={search_term_string}"},"query-input":{"@type":"PropertyValueSpecification","valueRequired":true,"valueName":"search_term_string"}}],"inLanguage":"ca"},{"@type":"Organization","@id":"https:\/\/clinicadeansiedad.com\/ca\/#organization","name":"Cl\u00ednica de la Ansiedad","url":"https:\/\/clinicadeansiedad.com\/ca\/","logo":{"@type":"ImageObject","inLanguage":"ca","@id":"https:\/\/clinicadeansiedad.com\/ca\/#\/schema\/logo\/image\/","url":"https:\/\/clinicadeansiedad.com\/wp-content\/uploads\/2020\/12\/cropped-logo_app-1-scaled-1.jpg","contentUrl":"https:\/\/clinicadeansiedad.com\/wp-content\/uploads\/2020\/12\/cropped-logo_app-1-scaled-1.jpg","width":2555,"height":1923,"caption":"Cl\u00ednica de la Ansiedad"},"image":{"@id":"https:\/\/clinicadeansiedad.com\/ca\/#\/schema\/logo\/image\/"}}]}},"_links":{"self":[{"href":"https:\/\/clinicadeansiedad.com\/ca\/wp-json\/wp\/v2\/pages\/58417","targetHints":{"allow":["GET"]}}],"collection":[{"href":"https:\/\/clinicadeansiedad.com\/ca\/wp-json\/wp\/v2\/pages"}],"about":[{"href":"https:\/\/clinicadeansiedad.com\/ca\/wp-json\/wp\/v2\/types\/page"}],"author":[{"embeddable":true,"href":"https:\/\/clinicadeansiedad.com\/ca\/wp-json\/wp\/v2\/users\/3439"}],"replies":[{"embeddable":true,"href":"https:\/\/clinicadeansiedad.com\/ca\/wp-json\/wp\/v2\/comments?post=58417"}],"version-history":[{"count":10,"href":"https:\/\/clinicadeansiedad.com\/ca\/wp-json\/wp\/v2\/pages\/58417\/revisions"}],"predecessor-version":[{"id":63796,"href":"https:\/\/clinicadeansiedad.com\/ca\/wp-json\/wp\/v2\/pages\/58417\/revisions\/63796"}],"up":[{"embeddable":true,"href":"https:\/\/clinicadeansiedad.com\/ca\/wp-json\/wp\/v2\/pages\/55761"}],"wp:attachment":[{"href":"https:\/\/clinicadeansiedad.com\/ca\/wp-json\/wp\/v2\/media?parent=58417"}],"curies":[{"name":"wp","href":"https:\/\/api.w.org\/{rel}","templated":true}]}}