{"version":"1.0","provider_name":"Cl\u00ednica de la Ansiedad","provider_url":"https:\/\/clinicadeansiedad.com\/ca\/","title":"OBSESION Y PREOCUPACI\u00d3N EXTREMA - Cl\u00ednica de la Ansiedad","type":"rich","width":600,"height":338,"html":"<blockquote class=\"wp-embedded-content\" data-secret=\"9jlGQDpJO7\"><a href=\"https:\/\/clinicadeansiedad.com\/ca\/foro\/debate\/obsesion-y-preocupacion-extrema\/\">OBSESION Y PREOCUPACI\u00d3N EXTREMA<\/a><\/blockquote><iframe sandbox=\"allow-scripts\" security=\"restricted\" src=\"https:\/\/clinicadeansiedad.com\/ca\/foro\/debate\/obsesion-y-preocupacion-extrema\/embed\/#?secret=9jlGQDpJO7\" width=\"600\" height=\"338\" title=\"&#8220;OBSESION Y PREOCUPACI\u00d3N EXTREMA&#8221; &#8212; Cl\u00ednica de la Ansiedad\" data-secret=\"9jlGQDpJO7\" frameborder=\"0\" marginwidth=\"0\" marginheight=\"0\" scrolling=\"no\" class=\"wp-embedded-content\"><\/iframe><script>\n\/*! This file is auto-generated *\/\n!function(d,l){\"use strict\";l.querySelector&&d.addEventListener&&\"undefined\"!=typeof URL&&(d.wp=d.wp||{},d.wp.receiveEmbedMessage||(d.wp.receiveEmbedMessage=function(e){var t=e.data;if((t||t.secret||t.message||t.value)&&!\/[^a-zA-Z0-9]\/.test(t.secret)){for(var s,r,n,a=l.querySelectorAll('iframe[data-secret=\"'+t.secret+'\"]'),o=l.querySelectorAll('blockquote[data-secret=\"'+t.secret+'\"]'),c=new RegExp(\"^https?:$\",\"i\"),i=0;i<o.length;i++)o[i].style.display=\"none\";for(i=0;i<a.length;i++)s=a[i],e.source===s.contentWindow&&(s.removeAttribute(\"style\"),\"height\"===t.message?(1e3<(r=parseInt(t.value,10))?r=1e3:~~r<200&&(r=200),s.height=r):\"link\"===t.message&&(r=new URL(s.getAttribute(\"src\")),n=new URL(t.value),c.test(n.protocol))&&n.host===r.host&&l.activeElement===s&&(d.top.location.href=t.value))}},d.addEventListener(\"message\",d.wp.receiveEmbedMessage,!1),l.addEventListener(\"DOMContentLoaded\",function(){for(var e,t,s=l.querySelectorAll(\"iframe.wp-embedded-content\"),r=0;r<s.length;r++)(t=(e=s[r]).getAttribute(\"data-secret\"))||(t=Math.random().toString(36).substring(2,12),e.src+=\"#?secret=\"+t,e.setAttribute(\"data-secret\",t)),e.contentWindow.postMessage({message:\"ready\",secret:t},\"*\")},!1)))}(window,document);\n\/\/# sourceURL=https:\/\/clinicadeansiedad.com\/wp-includes\/js\/wp-embed.min.js\n<\/script>\n","description":"[:es] Buenos d\u00edas, Desde hace un par de a\u00f1os vengo sufriendo lo que mi m\u00e9dico de cabecera determina Trastorno de Ansiedad Generalizada. De hecho, el primer a\u00f1o de estar sufri\u00e9ndola, tuve muchos problemas digestivos y a nivel de est\u00f3mago, todos ellos originados por dicha ansiedad. En aquel momento, justifiqu\u00e9 que pod\u00eda ser porque combinaba estudios [&hellip;]"}